{"id":1309,"date":"2026-03-17T16:19:10","date_gmt":"2026-03-17T15:19:10","guid":{"rendered":"https:\/\/www.embellissonslatouraine.fr\/?page_id=1309"},"modified":"2026-03-27T12:07:56","modified_gmt":"2026-03-27T11:07:56","slug":"plantes-invasives","status":"publish","type":"page","link":"https:\/\/www.embellissonslatouraine.fr\/index.php\/plantes-invasives\/","title":{"rendered":"PLANTES INVASIVES"},"content":{"rendered":"\t\t<div data-elementor-type=\"wp-page\" data-elementor-id=\"1309\" class=\"elementor elementor-1309\">\n\t\t\t\t<div class=\"elementor-element elementor-element-3f2074d e-flex e-con-boxed e-con e-parent\" data-id=\"3f2074d\" data-element_type=\"container\" data-e-type=\"container\">\n\t\t\t\t\t<div class=\"e-con-inner\">\n\t\t\t\t<div class=\"elementor-element elementor-element-e9c69bd elementor-widget elementor-widget-heading\" data-id=\"e9c69bd\" data-element_type=\"widget\" data-e-type=\"widget\" data-widget_type=\"heading.default\">\n\t\t\t\t\t<h2 class=\"elementor-heading-title elementor-size-default\">Les plantes exotiques envahissantes<\/h2>\t\t\t\t<\/div>\n\t\t\t\t\t<\/div>\n\t\t\t\t<\/div>\n\t\t<div class=\"elementor-element elementor-element-3c051a0 e-grid e-con-boxed e-con e-parent\" data-id=\"3c051a0\" data-element_type=\"container\" data-e-type=\"container\">\n\t\t\t\t\t<div class=\"e-con-inner\">\n\t\t\t\t<div class=\"elementor-element elementor-element-f3ee873 elementor-widget elementor-widget-text-editor\" data-id=\"f3ee873\" data-element_type=\"widget\" data-e-type=\"widget\" data-widget_type=\"text-editor.default\">\n\t\t\t\t\t\t\t\t\t<p>G\u00e9rer les plantes exotiques envahissantes (PEE) r\u00e9pond \u00e0 un enjeu environnemental, mais aussi de sant\u00e9 publique et de pr\u00e9servation des activit\u00e9s \u00e9conomiques<\/p><p>Une plante exotique envahissante, dite aussi plante invasive, est une plante dont certaines populations peuvent acqu\u00e9rir un avantage comp\u00e9titif dans un territoire nouveau et devenir localement dominantes dans des milieux sp\u00e9cifiques.<\/p>\t\t\t\t\t\t\t\t<\/div>\n\t\t\t\t<div class=\"elementor-element elementor-element-ebdd1d0 elementor-widget elementor-widget-image\" data-id=\"ebdd1d0\" data-element_type=\"widget\" data-e-type=\"widget\" data-widget_type=\"image.default\">\n\t\t\t\t\t\t\t\t\t\t\t\t<figure class=\"wp-caption\">\n\t\t\t\t\t\t\t\t\t\t\t<a href=\"https:\/\/www.valhor.fr\/developper-votre-activite\/enjeux-societaux-et-environnementaux\/plantes-exotiques-envahissantes\" target=\"_blank\">\n\t\t\t\t\t\t\t<img decoding=\"async\" width=\"300\" height=\"144\" src=\"https:\/\/www.embellissonslatouraine.fr\/wp-content\/uploads\/2026\/03\/nouveau-logo-valhor-2022_311_fr-300x144.jpg\" class=\"attachment-medium size-medium wp-image-1319\" alt=\"\" srcset=\"https:\/\/www.embellissonslatouraine.fr\/wp-content\/uploads\/2026\/03\/nouveau-logo-valhor-2022_311_fr-300x144.jpg 300w, https:\/\/www.embellissonslatouraine.fr\/wp-content\/uploads\/2026\/03\/nouveau-logo-valhor-2022_311_fr-768x369.jpg 768w, https:\/\/www.embellissonslatouraine.fr\/wp-content\/uploads\/2026\/03\/nouveau-logo-valhor-2022_311_fr.jpg 1000w\" sizes=\"(max-width: 300px) 100vw, 300px\" \/>\t\t\t\t\t\t\t\t<\/a>\n\t\t\t\t\t\t\t\t\t\t\t<figcaption class=\"widget-image-caption wp-caption-text\">Cliquer pour acc\u00e9der au site<\/figcaption>\n\t\t\t\t\t\t\t\t\t\t<\/figure>\n\t\t\t\t\t\t\t\t\t<\/div>\n\t\t\t\t\t<\/div>\n\t\t\t\t<\/div>\n\t\t<div class=\"elementor-element elementor-element-1a63ae5 e-grid e-con-boxed e-con e-parent\" data-id=\"1a63ae5\" data-element_type=\"container\" data-e-type=\"container\">\n\t\t\t\t\t<div class=\"e-con-inner\">\n\t\t\t\t<div class=\"elementor-element elementor-element-0041685 elementor-widget elementor-widget-image\" data-id=\"0041685\" data-element_type=\"widget\" data-e-type=\"widget\" data-widget_type=\"image.default\">\n\t\t\t\t\t\t\t\t\t\t\t\t<figure class=\"wp-caption\">\n\t\t\t\t\t\t\t\t\t\t\t<a href=\"https:\/\/www.codeplantesenvahissantes.fr\/plantes-concernees\/\" target=\"_blank\">\n\t\t\t\t\t\t\t<img decoding=\"async\" width=\"440\" height=\"94\" src=\"https:\/\/www.embellissonslatouraine.fr\/wp-content\/uploads\/2026\/03\/logo_pee.png\" class=\"attachment-full size-full wp-image-1320\" alt=\"\" srcset=\"https:\/\/www.embellissonslatouraine.fr\/wp-content\/uploads\/2026\/03\/logo_pee.png 440w, https:\/\/www.embellissonslatouraine.fr\/wp-content\/uploads\/2026\/03\/logo_pee-300x64.png 300w\" sizes=\"(max-width: 440px) 100vw, 440px\" \/>\t\t\t\t\t\t\t\t<\/a>\n\t\t\t\t\t\t\t\t\t\t\t<figcaption class=\"widget-image-caption wp-caption-text\">Cliquer pour acc\u00e9der aux liste des plantes <\/figcaption>\n\t\t\t\t\t\t\t\t\t\t<\/figure>\n\t\t\t\t\t\t\t\t\t<\/div>\n\t\t\t\t<div class=\"elementor-element elementor-element-008f297 elementor-widget elementor-widget-text-editor\" data-id=\"008f297\" data-element_type=\"widget\" data-e-type=\"widget\" data-widget_type=\"text-editor.default\">\n\t\t\t\t\t\t\t\t\t<p>Le Code de conduite professionnel a pour objectif de limiter l\u2019introduction et la dispersion de plantes exotiques envahissantes ayant des impacts n\u00e9gatifs reconnus. Il est fond\u00e9 sur le principe de l&rsquo;autor\u00e9gulation. Il propose la mise en place de mesures concr\u00e8tes et de bonnes pratiques, comportant des restrictions totales (<strong>Liste de consensus<\/strong>) ou partielles d&rsquo;utilisation de certaines plantes dans des conditions bien d\u00e9finies (<strong>Liste de plantes soumises \u00e0 recommandations<\/strong>).<\/p>\t\t\t\t\t\t\t\t<\/div>\n\t\t\t\t\t<\/div>\n\t\t\t\t<\/div>\n\t\t<div class=\"elementor-element elementor-element-52ba76a e-grid e-con-boxed e-con e-parent\" data-id=\"52ba76a\" data-element_type=\"container\" data-e-type=\"container\">\n\t\t\t\t\t<div class=\"e-con-inner\">\n\t\t\t\t<div class=\"elementor-element elementor-element-63f526d elementor-widget elementor-widget-text-editor\" data-id=\"63f526d\" data-element_type=\"widget\" data-e-type=\"widget\" data-widget_type=\"text-editor.default\">\n\t\t\t\t\t\t\t\t\t<p style=\"text-align: justify; background: white;\"><a href=\"http:\/\/www.especes-exotiques-envahissantes.fr\/\" target=\"_blank\" rel=\"noopener\"><strong><span style=\"font-family: 'Arial',sans-serif; color: #06a6b9; text-decoration: none; text-underline: none;\">Le Centre de ressources sur les esp\u00e8ces exotiques envahissantes<\/span><\/strong><\/a><span style=\"font-family: 'Arial',sans-serif; color: #7a7a7a;\">, coordonn\u00e9 conjointement par le Comit\u00e9 fran\u00e7ais de l\u2019UICN et l\u2019Office fran\u00e7ais de la biodiversit\u00e9, met \u00e0 disposition\u00a0<strong><span style=\"font-family: 'Arial',sans-serif;\">trois bases d\u2019informations<\/span><\/strong>.<\/span><\/p><p style=\"text-align: justify; background: white;\"><span style=\"font-family: 'Arial',sans-serif; color: #7a7a7a;\">Dans sa version actuelle (avril 2024), la\u00a0<strong><span style=\"font-family: 'Arial',sans-serif;\">base d\u2019informations sur les esp\u00e8ces introduites et leur gestion<\/span><\/strong>\u00a0permet d\u2019acc\u00e9der \u00e0 des informations sur plus de\u00a0<strong><span style=\"font-family: 'Arial',sans-serif;\">480 esp\u00e8ces introduites de flore et de faune.\u00a0<\/span><\/strong><\/span><\/p>\t\t\t\t\t\t\t\t<\/div>\n\t\t\t\t<div class=\"elementor-element elementor-element-44ea280 elementor-widget elementor-widget-image\" data-id=\"44ea280\" data-element_type=\"widget\" data-e-type=\"widget\" data-widget_type=\"image.default\">\n\t\t\t\t\t\t\t\t\t\t\t\t<figure class=\"wp-caption\">\n\t\t\t\t\t\t\t\t\t\t\t<a href=\"https:\/\/base-information-especes-introduites.fr\/\" target=\"_blank\">\n\t\t\t\t\t\t\t<img fetchpriority=\"high\" decoding=\"async\" width=\"1024\" height=\"516\" src=\"https:\/\/www.embellissonslatouraine.fr\/wp-content\/uploads\/2026\/03\/LOGO-CDREEE-2023-1024x516-1.png\" class=\"attachment-large size-large wp-image-1432\" alt=\"\" srcset=\"https:\/\/www.embellissonslatouraine.fr\/wp-content\/uploads\/2026\/03\/LOGO-CDREEE-2023-1024x516-1.png 1024w, https:\/\/www.embellissonslatouraine.fr\/wp-content\/uploads\/2026\/03\/LOGO-CDREEE-2023-1024x516-1-300x151.png 300w, https:\/\/www.embellissonslatouraine.fr\/wp-content\/uploads\/2026\/03\/LOGO-CDREEE-2023-1024x516-1-768x387.png 768w\" sizes=\"(max-width: 1024px) 100vw, 1024px\" \/>\t\t\t\t\t\t\t\t<\/a>\n\t\t\t\t\t\t\t\t\t\t\t<figcaption class=\"widget-image-caption wp-caption-text\">Cliquer pour acc\u00e9der au site<\/figcaption>\n\t\t\t\t\t\t\t\t\t\t<\/figure>\n\t\t\t\t\t\t\t\t\t<\/div>\n\t\t\t\t\t<\/div>\n\t\t\t\t<\/div>\n\t\t<div class=\"elementor-element elementor-element-717f96d e-grid e-con-boxed e-con e-parent\" data-id=\"717f96d\" data-element_type=\"container\" data-e-type=\"container\">\n\t\t\t\t\t<div class=\"e-con-inner\">\n\t\t\t\t<div class=\"elementor-element elementor-element-e4c49d6 elementor-widget elementor-widget-image\" data-id=\"e4c49d6\" data-element_type=\"widget\" data-e-type=\"widget\" data-widget_type=\"image.default\">\n\t\t\t\t\t\t\t\t\t\t\t\t<figure class=\"wp-caption\">\n\t\t\t\t\t\t\t\t\t\t\t<a href=\"https:\/\/gteee.cen-centrevaldeloire.org\/\" target=\"_blank\">\n\t\t\t\t\t\t\t<img loading=\"lazy\" decoding=\"async\" width=\"946\" height=\"559\" src=\"https:\/\/www.embellissonslatouraine.fr\/wp-content\/uploads\/2026\/03\/dteee.png\" class=\"attachment-large size-large wp-image-1433\" alt=\"\" srcset=\"https:\/\/www.embellissonslatouraine.fr\/wp-content\/uploads\/2026\/03\/dteee.png 946w, https:\/\/www.embellissonslatouraine.fr\/wp-content\/uploads\/2026\/03\/dteee-300x177.png 300w, https:\/\/www.embellissonslatouraine.fr\/wp-content\/uploads\/2026\/03\/dteee-768x454.png 768w\" sizes=\"(max-width: 946px) 100vw, 946px\" \/>\t\t\t\t\t\t\t\t<\/a>\n\t\t\t\t\t\t\t\t\t\t\t<figcaption class=\"widget-image-caption wp-caption-text\">Cliquer pour acc\u00e9der au site<\/figcaption>\n\t\t\t\t\t\t\t\t\t\t<\/figure>\n\t\t\t\t\t\t\t\t\t<\/div>\n\t\t\t\t<div class=\"elementor-element elementor-element-ea55e73 elementor-widget elementor-widget-text-editor\" data-id=\"ea55e73\" data-element_type=\"widget\" data-e-type=\"widget\" data-widget_type=\"text-editor.default\">\n\t\t\t\t\t\t\t\t\t<p>Le Groupe de Travail Esp\u00e8ces Exotiques Envahissantes (GTEEE) a pour but de coordonner les actions entre l\u2019\u00e9chelle locale et l\u2019\u00e9chelle r\u00e9gionale. <strong>Le bin\u00f4me r\u00e9gional, constitu\u00e9 par le CBNBP <\/strong>(Conservatoire Botanique National du Bassin Parisien) <strong>et le Cen Centre-Val de Loire<\/strong> (Conservatoire d&rsquo;Espaces Naturels),<strong> fait le lien \u00e0 l\u2019\u00e9chelle d\u00e9partementale avec des t\u00eates de r\u00e9seaux.<\/strong><\/p><p>A savoir en Indre-et-Loire, la f\u00e9d\u00e9ration d\u00e9partementale pour la p\u00eache et la protection des milieux aquatiques (FDPPMA) et la F\u00e9d\u00e9ration r\u00e9gionale de d\u00e9fense contre les organismes nuisibles Indre-et-Loire (FREDON 37).<\/p><p><span style=\"text-decoration: underline;\">Liste de la flore invasive<\/span> :\u00a0<\/p><p><div class=\"oceanwp-oembed-wrap clr\"><blockquote class=\"wp-embedded-content\" data-secret=\"4YA12JAn3F\"><a href=\"https:\/\/gteee.cen-centrevaldeloire.org\/liste_hierarchisee\/\">Liste flore invasive<\/a><\/blockquote><iframe class=\"wp-embedded-content\" sandbox=\"allow-scripts\" security=\"restricted\" style=\"position: absolute; visibility: hidden;\" title=\"\u00ab\u00a0Liste flore invasive\u00a0\u00bb &#8212; Esp\u00e8ces exotiques envahissantes en Centre-Val de Loire\" src=\"https:\/\/gteee.cen-centrevaldeloire.org\/liste_hierarchisee\/embed\/#?secret=wBgaupg4l1#?secret=4YA12JAn3F\" data-secret=\"4YA12JAn3F\" width=\"600\" height=\"338\" frameborder=\"0\" marginwidth=\"0\" marginheight=\"0\" scrolling=\"no\"><\/iframe><\/div><\/p>\t\t\t\t\t\t\t\t<\/div>\n\t\t\t\t\t<\/div>\n\t\t\t\t<\/div>\n\t\t\t\t<\/div>\n\t\t","protected":false},"excerpt":{"rendered":"<p>Les plantes exotiques envahissantes G\u00e9rer les plantes exotiques envahissantes (PEE) r\u00e9pond \u00e0 un enjeu environnemental, mais aussi de sant\u00e9 publique et de pr\u00e9servation des activit\u00e9s \u00e9conomiques Une plante exotique envahissante, dite aussi plante invasive, est une plante dont certaines populations peuvent acqu\u00e9rir un avantage comp\u00e9titif dans un territoire nouveau et devenir localement dominantes dans des [&hellip;]<\/p>\n","protected":false},"author":2,"featured_media":103,"parent":0,"menu_order":0,"comment_status":"closed","ping_status":"closed","template":"elementor_header_footer","meta":{"_eb_attr":"","ocean_post_layout":"","ocean_both_sidebars_style":"","ocean_both_sidebars_content_width":0,"ocean_both_sidebars_sidebars_width":0,"ocean_sidebar":"","ocean_second_sidebar":"","ocean_disable_margins":"enable","ocean_add_body_class":"","ocean_shortcode_before_top_bar":"","ocean_shortcode_after_top_bar":"","ocean_shortcode_before_header":"","ocean_shortcode_after_header":"","ocean_has_shortcode":"","ocean_shortcode_after_title":"","ocean_shortcode_before_footer_widgets":"","ocean_shortcode_after_footer_widgets":"","ocean_shortcode_before_footer_bottom":"","ocean_shortcode_after_footer_bottom":"","ocean_display_top_bar":"default","ocean_display_header":"default","ocean_header_style":"","ocean_center_header_left_menu":"","ocean_custom_header_template":"","ocean_custom_logo":0,"ocean_custom_retina_logo":0,"ocean_custom_logo_max_width":0,"ocean_custom_logo_tablet_max_width":0,"ocean_custom_logo_mobile_max_width":0,"ocean_custom_logo_max_height":0,"ocean_custom_logo_tablet_max_height":0,"ocean_custom_logo_mobile_max_height":0,"ocean_header_custom_menu":"","ocean_menu_typo_font_family":"","ocean_menu_typo_font_subset":"","ocean_menu_typo_font_size":0,"ocean_menu_typo_font_size_tablet":0,"ocean_menu_typo_font_size_mobile":0,"ocean_menu_typo_font_size_unit":"px","ocean_menu_typo_font_weight":"","ocean_menu_typo_font_weight_tablet":"","ocean_menu_typo_font_weight_mobile":"","ocean_menu_typo_transform":"","ocean_menu_typo_transform_tablet":"","ocean_menu_typo_transform_mobile":"","ocean_menu_typo_line_height":0,"ocean_menu_typo_line_height_tablet":0,"ocean_menu_typo_line_height_mobile":0,"ocean_menu_typo_line_height_unit":"","ocean_menu_typo_spacing":0,"ocean_menu_typo_spacing_tablet":0,"ocean_menu_typo_spacing_mobile":0,"ocean_menu_typo_spacing_unit":"","ocean_menu_link_color":"","ocean_menu_link_color_hover":"","ocean_menu_link_color_active":"","ocean_menu_link_background":"","ocean_menu_link_hover_background":"","ocean_menu_link_active_background":"","ocean_menu_social_links_bg":"","ocean_menu_social_hover_links_bg":"","ocean_menu_social_links_color":"","ocean_menu_social_hover_links_color":"","ocean_disable_title":"default","ocean_disable_heading":"default","ocean_post_title":"","ocean_post_subheading":"","ocean_post_title_style":"","ocean_post_title_background_color":"","ocean_post_title_background":0,"ocean_post_title_bg_image_position":"","ocean_post_title_bg_image_attachment":"","ocean_post_title_bg_image_repeat":"","ocean_post_title_bg_image_size":"","ocean_post_title_height":0,"ocean_post_title_bg_overlay":0.5,"ocean_post_title_bg_overlay_color":"","ocean_disable_breadcrumbs":"default","ocean_breadcrumbs_color":"","ocean_breadcrumbs_separator_color":"","ocean_breadcrumbs_links_color":"","ocean_breadcrumbs_links_hover_color":"","ocean_display_footer_widgets":"default","ocean_display_footer_bottom":"default","ocean_custom_footer_template":"","footnotes":""},"class_list":["post-1309","page","type-page","status-publish","has-post-thumbnail","hentry","entry","has-media"],"yoast_head":"<!-- This site is optimized with the Yoast SEO plugin v27.5 - https:\/\/yoast.com\/product\/yoast-seo-wordpress\/ -->\n<title>PLANTES INVASIVES - Embellissons la Touraine<\/title>\n<meta name=\"description\" content=\"Embellissons la Touraine. Fleurissement des villes et villages d&#039;Indre et Loire. Conseils, inscriptions aux concours, Labels.\" \/>\n<meta name=\"robots\" content=\"index, follow, max-snippet:-1, max-image-preview:large, max-video-preview:-1\" \/>\n<link rel=\"canonical\" href=\"https:\/\/www.embellissonslatouraine.fr\/index.php\/plantes-invasives\/\" \/>\n<meta property=\"og:locale\" content=\"fr_FR\" \/>\n<meta property=\"og:type\" content=\"article\" \/>\n<meta property=\"og:title\" content=\"PLANTES INVASIVES - Embellissons la Touraine\" \/>\n<meta property=\"og:description\" content=\"Embellissons la Touraine. Fleurissement des villes et villages d&#039;Indre et Loire. Conseils, inscriptions aux concours, Labels.\" \/>\n<meta property=\"og:url\" content=\"https:\/\/www.embellissonslatouraine.fr\/index.php\/plantes-invasives\/\" \/>\n<meta property=\"og:site_name\" content=\"Embellissons la Touraine\" \/>\n<meta property=\"article:modified_time\" content=\"2026-03-27T11:07:56+00:00\" \/>\n<meta property=\"og:image\" content=\"http:\/\/www.embellissonslatouraine.fr\/wp-content\/uploads\/2025\/10\/accueil.jpg\" \/>\n\t<meta property=\"og:image:width\" content=\"1116\" \/>\n\t<meta property=\"og:image:height\" content=\"285\" \/>\n\t<meta property=\"og:image:type\" content=\"image\/jpeg\" \/>\n<meta name=\"twitter:card\" content=\"summary_large_image\" \/>\n<meta name=\"twitter:label1\" content=\"Dur\u00e9e de lecture estim\u00e9e\" \/>\n\t<meta name=\"twitter:data1\" content=\"3 minutes\" \/>\n<script type=\"application\/ld+json\" class=\"yoast-schema-graph\">{\"@context\":\"https:\\\/\\\/schema.org\",\"@graph\":[{\"@type\":\"WebPage\",\"@id\":\"https:\\\/\\\/www.embellissonslatouraine.fr\\\/index.php\\\/plantes-invasives\\\/\",\"url\":\"https:\\\/\\\/www.embellissonslatouraine.fr\\\/index.php\\\/plantes-invasives\\\/\",\"name\":\"PLANTES INVASIVES - Embellissons la Touraine\",\"isPartOf\":{\"@id\":\"https:\\\/\\\/www.embellissonslatouraine.fr\\\/#website\"},\"primaryImageOfPage\":{\"@id\":\"https:\\\/\\\/www.embellissonslatouraine.fr\\\/index.php\\\/plantes-invasives\\\/#primaryimage\"},\"image\":{\"@id\":\"https:\\\/\\\/www.embellissonslatouraine.fr\\\/index.php\\\/plantes-invasives\\\/#primaryimage\"},\"thumbnailUrl\":\"https:\\\/\\\/www.embellissonslatouraine.fr\\\/wp-content\\\/uploads\\\/2025\\\/10\\\/accueil.jpg\",\"datePublished\":\"2026-03-17T15:19:10+00:00\",\"dateModified\":\"2026-03-27T11:07:56+00:00\",\"description\":\"Embellissons la Touraine. Fleurissement des villes et villages d'Indre et Loire. Conseils, inscriptions aux concours, Labels.\",\"breadcrumb\":{\"@id\":\"https:\\\/\\\/www.embellissonslatouraine.fr\\\/index.php\\\/plantes-invasives\\\/#breadcrumb\"},\"inLanguage\":\"fr-FR\",\"potentialAction\":[{\"@type\":\"ReadAction\",\"target\":[\"https:\\\/\\\/www.embellissonslatouraine.fr\\\/index.php\\\/plantes-invasives\\\/\"]}]},{\"@type\":\"ImageObject\",\"inLanguage\":\"fr-FR\",\"@id\":\"https:\\\/\\\/www.embellissonslatouraine.fr\\\/index.php\\\/plantes-invasives\\\/#primaryimage\",\"url\":\"https:\\\/\\\/www.embellissonslatouraine.fr\\\/wp-content\\\/uploads\\\/2025\\\/10\\\/accueil.jpg\",\"contentUrl\":\"https:\\\/\\\/www.embellissonslatouraine.fr\\\/wp-content\\\/uploads\\\/2025\\\/10\\\/accueil.jpg\",\"width\":1116,\"height\":285},{\"@type\":\"BreadcrumbList\",\"@id\":\"https:\\\/\\\/www.embellissonslatouraine.fr\\\/index.php\\\/plantes-invasives\\\/#breadcrumb\",\"itemListElement\":[{\"@type\":\"ListItem\",\"position\":1,\"name\":\"Accueil\",\"item\":\"https:\\\/\\\/www.embellissonslatouraine.fr\\\/\"},{\"@type\":\"ListItem\",\"position\":2,\"name\":\"PLANTES INVASIVES\"}]},{\"@type\":\"WebSite\",\"@id\":\"https:\\\/\\\/www.embellissonslatouraine.fr\\\/#website\",\"url\":\"https:\\\/\\\/www.embellissonslatouraine.fr\\\/\",\"name\":\"Embellissons la Touraine\",\"description\":\"Embellissons la Touraine\",\"publisher\":{\"@id\":\"https:\\\/\\\/www.embellissonslatouraine.fr\\\/#organization\"},\"potentialAction\":[{\"@type\":\"SearchAction\",\"target\":{\"@type\":\"EntryPoint\",\"urlTemplate\":\"https:\\\/\\\/www.embellissonslatouraine.fr\\\/?s={search_term_string}\"},\"query-input\":{\"@type\":\"PropertyValueSpecification\",\"valueRequired\":true,\"valueName\":\"search_term_string\"}}],\"inLanguage\":\"fr-FR\"},{\"@type\":\"Organization\",\"@id\":\"https:\\\/\\\/www.embellissonslatouraine.fr\\\/#organization\",\"name\":\"Embellissons la Touraine\",\"url\":\"https:\\\/\\\/www.embellissonslatouraine.fr\\\/\",\"logo\":{\"@type\":\"ImageObject\",\"inLanguage\":\"fr-FR\",\"@id\":\"https:\\\/\\\/www.embellissonslatouraine.fr\\\/#\\\/schema\\\/logo\\\/image\\\/\",\"url\":\"https:\\\/\\\/www.embellissonslatouraine.fr\\\/wp-content\\\/uploads\\\/2025\\\/10\\\/LOGO-OFFICIEL-VILLES-ET-VILLAGES-FLEURIS-JPEG.jpg\",\"contentUrl\":\"https:\\\/\\\/www.embellissonslatouraine.fr\\\/wp-content\\\/uploads\\\/2025\\\/10\\\/LOGO-OFFICIEL-VILLES-ET-VILLAGES-FLEURIS-JPEG.jpg\",\"width\":1578,\"height\":481,\"caption\":\"Embellissons la Touraine\"},\"image\":{\"@id\":\"https:\\\/\\\/www.embellissonslatouraine.fr\\\/#\\\/schema\\\/logo\\\/image\\\/\"}}]}<\/script>\n<!-- \/ Yoast SEO plugin. -->","yoast_head_json":{"title":"PLANTES INVASIVES - Embellissons la Touraine","description":"Embellissons la Touraine. Fleurissement des villes et villages d'Indre et Loire. Conseils, inscriptions aux concours, Labels.","robots":{"index":"index","follow":"follow","max-snippet":"max-snippet:-1","max-image-preview":"max-image-preview:large","max-video-preview":"max-video-preview:-1"},"canonical":"https:\/\/www.embellissonslatouraine.fr\/index.php\/plantes-invasives\/","og_locale":"fr_FR","og_type":"article","og_title":"PLANTES INVASIVES - Embellissons la Touraine","og_description":"Embellissons la Touraine. Fleurissement des villes et villages d'Indre et Loire. Conseils, inscriptions aux concours, Labels.","og_url":"https:\/\/www.embellissonslatouraine.fr\/index.php\/plantes-invasives\/","og_site_name":"Embellissons la Touraine","article_modified_time":"2026-03-27T11:07:56+00:00","og_image":[{"width":1116,"height":285,"url":"http:\/\/www.embellissonslatouraine.fr\/wp-content\/uploads\/2025\/10\/accueil.jpg","type":"image\/jpeg"}],"twitter_card":"summary_large_image","twitter_misc":{"Dur\u00e9e de lecture estim\u00e9e":"3 minutes"},"schema":{"@context":"https:\/\/schema.org","@graph":[{"@type":"WebPage","@id":"https:\/\/www.embellissonslatouraine.fr\/index.php\/plantes-invasives\/","url":"https:\/\/www.embellissonslatouraine.fr\/index.php\/plantes-invasives\/","name":"PLANTES INVASIVES - Embellissons la Touraine","isPartOf":{"@id":"https:\/\/www.embellissonslatouraine.fr\/#website"},"primaryImageOfPage":{"@id":"https:\/\/www.embellissonslatouraine.fr\/index.php\/plantes-invasives\/#primaryimage"},"image":{"@id":"https:\/\/www.embellissonslatouraine.fr\/index.php\/plantes-invasives\/#primaryimage"},"thumbnailUrl":"https:\/\/www.embellissonslatouraine.fr\/wp-content\/uploads\/2025\/10\/accueil.jpg","datePublished":"2026-03-17T15:19:10+00:00","dateModified":"2026-03-27T11:07:56+00:00","description":"Embellissons la Touraine. Fleurissement des villes et villages d'Indre et Loire. Conseils, inscriptions aux concours, Labels.","breadcrumb":{"@id":"https:\/\/www.embellissonslatouraine.fr\/index.php\/plantes-invasives\/#breadcrumb"},"inLanguage":"fr-FR","potentialAction":[{"@type":"ReadAction","target":["https:\/\/www.embellissonslatouraine.fr\/index.php\/plantes-invasives\/"]}]},{"@type":"ImageObject","inLanguage":"fr-FR","@id":"https:\/\/www.embellissonslatouraine.fr\/index.php\/plantes-invasives\/#primaryimage","url":"https:\/\/www.embellissonslatouraine.fr\/wp-content\/uploads\/2025\/10\/accueil.jpg","contentUrl":"https:\/\/www.embellissonslatouraine.fr\/wp-content\/uploads\/2025\/10\/accueil.jpg","width":1116,"height":285},{"@type":"BreadcrumbList","@id":"https:\/\/www.embellissonslatouraine.fr\/index.php\/plantes-invasives\/#breadcrumb","itemListElement":[{"@type":"ListItem","position":1,"name":"Accueil","item":"https:\/\/www.embellissonslatouraine.fr\/"},{"@type":"ListItem","position":2,"name":"PLANTES INVASIVES"}]},{"@type":"WebSite","@id":"https:\/\/www.embellissonslatouraine.fr\/#website","url":"https:\/\/www.embellissonslatouraine.fr\/","name":"Embellissons la Touraine","description":"Embellissons la Touraine","publisher":{"@id":"https:\/\/www.embellissonslatouraine.fr\/#organization"},"potentialAction":[{"@type":"SearchAction","target":{"@type":"EntryPoint","urlTemplate":"https:\/\/www.embellissonslatouraine.fr\/?s={search_term_string}"},"query-input":{"@type":"PropertyValueSpecification","valueRequired":true,"valueName":"search_term_string"}}],"inLanguage":"fr-FR"},{"@type":"Organization","@id":"https:\/\/www.embellissonslatouraine.fr\/#organization","name":"Embellissons la Touraine","url":"https:\/\/www.embellissonslatouraine.fr\/","logo":{"@type":"ImageObject","inLanguage":"fr-FR","@id":"https:\/\/www.embellissonslatouraine.fr\/#\/schema\/logo\/image\/","url":"https:\/\/www.embellissonslatouraine.fr\/wp-content\/uploads\/2025\/10\/LOGO-OFFICIEL-VILLES-ET-VILLAGES-FLEURIS-JPEG.jpg","contentUrl":"https:\/\/www.embellissonslatouraine.fr\/wp-content\/uploads\/2025\/10\/LOGO-OFFICIEL-VILLES-ET-VILLAGES-FLEURIS-JPEG.jpg","width":1578,"height":481,"caption":"Embellissons la Touraine"},"image":{"@id":"https:\/\/www.embellissonslatouraine.fr\/#\/schema\/logo\/image\/"}}]}},"_links":{"self":[{"href":"https:\/\/www.embellissonslatouraine.fr\/index.php\/wp-json\/wp\/v2\/pages\/1309","targetHints":{"allow":["GET"]}}],"collection":[{"href":"https:\/\/www.embellissonslatouraine.fr\/index.php\/wp-json\/wp\/v2\/pages"}],"about":[{"href":"https:\/\/www.embellissonslatouraine.fr\/index.php\/wp-json\/wp\/v2\/types\/page"}],"author":[{"embeddable":true,"href":"https:\/\/www.embellissonslatouraine.fr\/index.php\/wp-json\/wp\/v2\/users\/2"}],"replies":[{"embeddable":true,"href":"https:\/\/www.embellissonslatouraine.fr\/index.php\/wp-json\/wp\/v2\/comments?post=1309"}],"version-history":[{"count":24,"href":"https:\/\/www.embellissonslatouraine.fr\/index.php\/wp-json\/wp\/v2\/pages\/1309\/revisions"}],"predecessor-version":[{"id":1614,"href":"https:\/\/www.embellissonslatouraine.fr\/index.php\/wp-json\/wp\/v2\/pages\/1309\/revisions\/1614"}],"wp:featuredmedia":[{"embeddable":true,"href":"https:\/\/www.embellissonslatouraine.fr\/index.php\/wp-json\/wp\/v2\/media\/103"}],"wp:attachment":[{"href":"https:\/\/www.embellissonslatouraine.fr\/index.php\/wp-json\/wp\/v2\/media?parent=1309"}],"curies":[{"name":"wp","href":"https:\/\/api.w.org\/{rel}","templated":true}]}}